{"id":2160,"date":"2026-02-01T23:25:14","date_gmt":"2026-02-01T22:25:14","guid":{"rendered":"https:\/\/visitsantiago.travel\/?page_id=2160"},"modified":"2026-03-03T21:24:48","modified_gmt":"2026-03-03T20:24:48","slug":"panoramas","status":"publish","type":"page","link":"https:\/\/visitsantiago.travel\/pt\/panoramas\/","title":{"rendered":"Passeios"},"content":{"rendered":"\t\t<div data-elementor-type=\"wp-page\" data-elementor-id=\"2160\" class=\"elementor elementor-2160\" data-elementor-post-type=\"page\">\n\t\t\t\t<div class=\"elementor-element elementor-element-a41b51c e-flex e-con-boxed e-con e-parent\" data-id=\"a41b51c\" data-element_type=\"container\" data-settings=\"{&quot;background_background&quot;:&quot;classic&quot;}\">\n\t\t\t\t\t<div class=\"e-con-inner\">\n\t\t\t\t<div class=\"elementor-element elementor-element-ab9c2ea elementor-widget elementor-widget-heading\" data-id=\"ab9c2ea\" data-element_type=\"widget\" data-widget_type=\"heading.default\">\n\t\t\t\t\t<h2 class=\"elementor-heading-title elementor-size-default\">Los Mejores <br>Panoramas<\/h2>\t\t\t\t<\/div>\n\t\t\t\t\t<\/div>\n\t\t\t\t<\/div>\n\t\t<div class=\"elementor-element elementor-element-fe78ee4 e-flex e-con-boxed e-con e-parent\" data-id=\"fe78ee4\" data-element_type=\"container\">\n\t\t\t\t\t<div class=\"e-con-inner\">\n\t\t<div class=\"elementor-element elementor-element-11ac038 e-con-full e-flex e-con e-child\" data-id=\"11ac038\" data-element_type=\"container\">\n\t\t\t\t<div class=\"elementor-element elementor-element-55685a4 elementor-widget elementor-widget-heading\" data-id=\"55685a4\" data-element_type=\"widget\" data-widget_type=\"heading.default\">\n\t\t\t\t\t<h2 class=\"elementor-heading-title elementor-size-default\">Panoramas del mes<\/h2>\t\t\t\t<\/div>\n\t\t\t\t<div class=\"elementor-element elementor-element-ca2f388 elementor-pagination-type-bullets elementor-pagination-position-outside elementor-widget elementor-widget-loop-carousel\" data-id=\"ca2f388\" data-element_type=\"widget\" data-settings=\"{&quot;template_id&quot;:&quot;4494&quot;,&quot;_skin&quot;:&quot;post&quot;,&quot;slides_to_show&quot;:&quot;3&quot;,&quot;slides_to_show_tablet&quot;:&quot;2&quot;,&quot;slides_to_show_mobile&quot;:&quot;1&quot;,&quot;slides_to_scroll&quot;:&quot;1&quot;,&quot;edit_handle_selector&quot;:&quot;.elementor-loop-container&quot;,&quot;autoplay&quot;:&quot;yes&quot;,&quot;autoplay_speed&quot;:5000,&quot;pause_on_hover&quot;:&quot;yes&quot;,&quot;pause_on_interaction&quot;:&quot;yes&quot;,&quot;infinite&quot;:&quot;yes&quot;,&quot;speed&quot;:500,&quot;offset_sides&quot;:&quot;none&quot;,&quot;pagination&quot;:&quot;bullets&quot;,&quot;image_spacing_custom&quot;:{&quot;unit&quot;:&quot;px&quot;,&quot;size&quot;:10,&quot;sizes&quot;:[]},&quot;image_spacing_custom_tablet&quot;:{&quot;unit&quot;:&quot;px&quot;,&quot;size&quot;:&quot;&quot;,&quot;sizes&quot;:[]},&quot;image_spacing_custom_mobile&quot;:{&quot;unit&quot;:&quot;px&quot;,&quot;size&quot;:&quot;&quot;,&quot;sizes&quot;:[]}}\" data-widget_type=\"loop-carousel.post\">\n\t\t\t\t\t\t\t<div class=\"swiper elementor-loop-container elementor-grid\" role=\"list\" dir=\"ltr\">\n\t\t\t\t<div class=\"swiper-wrapper\" aria-live=\"off\">\n\t\t<style id=\"loop-dynamic-4494\">.e-loop-item-6045 .elementor-element.elementor-element-1999656:not(.elementor-motion-effects-element-type-background), .e-loop-item-6045 .elementor-element.elementor-element-1999656 > .elementor-motion-effects-container > .elementor-motion-effects-layer{background-image:url(\"https:\/\/visitsantiago.travel\/wp-content\/uploads\/2026\/08\/La-Gran-Fonda-de-Chile-2026.jpg\");}<\/style><style id=\"loop-4494\">.elementor-4494 .elementor-element.elementor-element-41f2e33{--display:flex;--min-height:475px;--flex-direction:column;--container-widget-width:100%;--container-widget-height:initial;--container-widget-flex-grow:0;--container-widget-align-self:initial;--flex-wrap-mobile:wrap;--gap:0px 0px;--row-gap:0px;--column-gap:0px;--margin-top:0px;--margin-bottom:0px;--margin-left:0px;--margin-right:0px;--padding-top:0px;--padding-bottom:0px;--padding-left:0px;--padding-right:0px;}.elementor-4494 .elementor-element.elementor-element-1999656{--display:flex;--min-height:470px;--margin-top:0px;--margin-bottom:0px;--margin-left:0px;--margin-right:0px;--padding-top:0px;--padding-bottom:0px;--padding-left:0px;--padding-right:0px;}.elementor-4494 .elementor-element.elementor-element-1999656:not(.elementor-motion-effects-element-type-background), .elementor-4494 .elementor-element.elementor-element-1999656 > .elementor-motion-effects-container > .elementor-motion-effects-layer{background-position:center center;background-repeat:no-repeat;background-size:cover;}.elementor-4494 .elementor-element.elementor-element-a32f22f{--display:flex;--min-height:48px;--justify-content:center;--align-items:center;--container-widget-width:calc( ( 1 - var( --container-widget-flex-grow ) ) * 100% );--padding-top:0px;--padding-bottom:0px;--padding-left:15px;--padding-right:0px;}.elementor-4494 .elementor-element.elementor-element-a32f22f:not(.elementor-motion-effects-element-type-background), .elementor-4494 .elementor-element.elementor-element-a32f22f > .elementor-motion-effects-container > .elementor-motion-effects-layer{background-color:#B40457;}.elementor-widget-heading .elementor-heading-title{font-family:var( --e-global-typography-primary-font-family ), Sans-serif;font-weight:var( --e-global-typography-primary-font-weight );color:var( --e-global-color-primary );}.elementor-4494 .elementor-element.elementor-element-9dcbc1f .elementor-heading-title{font-family:\"Montserrat\", Sans-serif;font-size:16px;font-weight:600;color:#FFFFFF;}<\/style>\t\t<div data-elementor-type=\"loop-item\" data-elementor-id=\"4494\" class=\"elementor elementor-4494 swiper-slide e-loop-item e-loop-item-6045 post-6045 panorama type-panorama status-publish format-standard has-post-thumbnail hentry panorama_categoria-evento-mes\" data-elementor-post-type=\"elementor_library\" role=\"group\" aria-roledescription=\"slide\" data-custom-edit-handle=\"1\">\n\t\t\t<div class=\"elementor-element elementor-element-41f2e33 e-flex e-con-boxed e-con e-parent\" data-id=\"41f2e33\" data-element_type=\"container\" data-settings=\"{&quot;background_background&quot;:&quot;classic&quot;}\">\n\t\t\t\t\t<div class=\"e-con-inner\">\n\t\t<div class=\"elementor-element elementor-element-1999656 e-con-full e-flex e-con e-child\" data-id=\"1999656\" data-element_type=\"container\" data-settings=\"{&quot;background_background&quot;:&quot;classic&quot;}\">\n\t\t\t\t<\/div>\n\t\t<div class=\"elementor-element elementor-element-a32f22f e-con-full e-flex e-con e-child\" data-id=\"a32f22f\" data-element_type=\"container\" data-settings=\"{&quot;background_background&quot;:&quot;classic&quot;}\">\n\t\t\t\t<div class=\"elementor-element elementor-element-9dcbc1f elementor-widget elementor-widget-heading\" data-id=\"9dcbc1f\" data-element_type=\"widget\" data-widget_type=\"heading.default\">\n\t\t\t\t\t<h2 class=\"elementor-heading-title elementor-size-default\"><a href=\"https:\/\/visitsantiago.travel\/pt\/panorama\/la-gran-fonda-de-chile\/\">La Gran Fonda de Chile<\/a><\/h2>\t\t\t\t<\/div>\n\t\t\t\t<\/div>\n\t\t\t\t\t<\/div>\n\t\t\t\t<\/div>\n\t\t\t\t<\/div>\n\t\t<style id=\"loop-dynamic-4494\">.e-loop-item-6043 .elementor-element.elementor-element-1999656:not(.elementor-motion-effects-element-type-background), .e-loop-item-6043 .elementor-element.elementor-element-1999656 > .elementor-motion-effects-container > .elementor-motion-effects-layer{background-image:url(\"https:\/\/visitsantiago.travel\/wp-content\/uploads\/2026\/08\/Fiesta-de-la-Chilenidad-scaled-1.jpg\");}<\/style>\t\t<div data-elementor-type=\"loop-item\" data-elementor-id=\"4494\" class=\"elementor elementor-4494 swiper-slide e-loop-item e-loop-item-6043 post-6043 panorama type-panorama status-publish format-standard has-post-thumbnail hentry panorama_categoria-evento-mes\" data-elementor-post-type=\"elementor_library\" role=\"group\" aria-roledescription=\"slide\" data-custom-edit-handle=\"1\">\n\t\t\t<div class=\"elementor-element elementor-element-41f2e33 e-flex e-con-boxed e-con e-parent\" data-id=\"41f2e33\" data-element_type=\"container\" data-settings=\"{&quot;background_background&quot;:&quot;classic&quot;}\">\n\t\t\t\t\t<div class=\"e-con-inner\">\n\t\t<div class=\"elementor-element elementor-element-1999656 e-con-full e-flex e-con e-child\" data-id=\"1999656\" data-element_type=\"container\" data-settings=\"{&quot;background_background&quot;:&quot;classic&quot;}\">\n\t\t\t\t<\/div>\n\t\t<div class=\"elementor-element elementor-element-a32f22f e-con-full e-flex e-con e-child\" data-id=\"a32f22f\" data-element_type=\"container\" data-settings=\"{&quot;background_background&quot;:&quot;classic&quot;}\">\n\t\t\t\t<div class=\"elementor-element elementor-element-9dcbc1f elementor-widget elementor-widget-heading\" data-id=\"9dcbc1f\" data-element_type=\"widget\" data-widget_type=\"heading.default\">\n\t\t\t\t\t<h2 class=\"elementor-heading-title elementor-size-default\"><a href=\"https:\/\/visitsantiago.travel\/pt\/panorama\/fiesta-de-la-chilenidad-en-melipilla\/\">Fiesta de la Chilenidad en Melipilla<\/a><\/h2>\t\t\t\t<\/div>\n\t\t\t\t<\/div>\n\t\t\t\t\t<\/div>\n\t\t\t\t<\/div>\n\t\t\t\t<\/div>\n\t\t<style id=\"loop-dynamic-4494\">.e-loop-item-6039 .elementor-element.elementor-element-1999656:not(.elementor-motion-effects-element-type-background), .e-loop-item-6039 .elementor-element.elementor-element-1999656 > .elementor-motion-effects-container > .elementor-motion-effects-layer{background-image:url(\"https:\/\/visitsantiago.travel\/wp-content\/uploads\/2026\/08\/Fonda-Cerrillos.jpg\");}<\/style>\t\t<div data-elementor-type=\"loop-item\" data-elementor-id=\"4494\" class=\"elementor elementor-4494 swiper-slide e-loop-item e-loop-item-6039 post-6039 panorama type-panorama status-publish format-standard has-post-thumbnail hentry panorama_categoria-evento-mes\" data-elementor-post-type=\"elementor_library\" role=\"group\" aria-roledescription=\"slide\" data-custom-edit-handle=\"1\">\n\t\t\t<div class=\"elementor-element elementor-element-41f2e33 e-flex e-con-boxed e-con e-parent\" data-id=\"41f2e33\" data-element_type=\"container\" data-settings=\"{&quot;background_background&quot;:&quot;classic&quot;}\">\n\t\t\t\t\t<div class=\"e-con-inner\">\n\t\t<div class=\"elementor-element elementor-element-1999656 e-con-full e-flex e-con e-child\" data-id=\"1999656\" data-element_type=\"container\" data-settings=\"{&quot;background_background&quot;:&quot;classic&quot;}\">\n\t\t\t\t<\/div>\n\t\t<div class=\"elementor-element elementor-element-a32f22f e-con-full e-flex e-con e-child\" data-id=\"a32f22f\" data-element_type=\"container\" data-settings=\"{&quot;background_background&quot;:&quot;classic&quot;}\">\n\t\t\t\t<div class=\"elementor-element elementor-element-9dcbc1f elementor-widget elementor-widget-heading\" data-id=\"9dcbc1f\" data-element_type=\"widget\" data-widget_type=\"heading.default\">\n\t\t\t\t\t<h2 class=\"elementor-heading-title elementor-size-default\"><a href=\"https:\/\/visitsantiago.travel\/pt\/panorama\/fonda-oficial-cerrillos-2026\/\">Fonda Oficial Cerrillos 2026<\/a><\/h2>\t\t\t\t<\/div>\n\t\t\t\t<\/div>\n\t\t\t\t\t<\/div>\n\t\t\t\t<\/div>\n\t\t\t\t<\/div>\n\t\t<style id=\"loop-dynamic-4494\">.e-loop-item-6035 .elementor-element.elementor-element-1999656:not(.elementor-motion-effects-element-type-background), .e-loop-item-6035 .elementor-element.elementor-element-1999656 > .elementor-motion-effects-container > .elementor-motion-effects-layer{background-image:url(\"https:\/\/visitsantiago.travel\/wp-content\/uploads\/2026\/08\/Mesa-Alfarera.jpg\");}<\/style>\t\t<div data-elementor-type=\"loop-item\" data-elementor-id=\"4494\" class=\"elementor elementor-4494 swiper-slide e-loop-item e-loop-item-6035 post-6035 panorama type-panorama status-publish format-standard has-post-thumbnail hentry panorama_categoria-evento-mes\" data-elementor-post-type=\"elementor_library\" role=\"group\" aria-roledescription=\"slide\" data-custom-edit-handle=\"1\">\n\t\t\t<div class=\"elementor-element elementor-element-41f2e33 e-flex e-con-boxed e-con e-parent\" data-id=\"41f2e33\" data-element_type=\"container\" data-settings=\"{&quot;background_background&quot;:&quot;classic&quot;}\">\n\t\t\t\t\t<div class=\"e-con-inner\">\n\t\t<div class=\"elementor-element elementor-element-1999656 e-con-full e-flex e-con e-child\" data-id=\"1999656\" data-element_type=\"container\" data-settings=\"{&quot;background_background&quot;:&quot;classic&quot;}\">\n\t\t\t\t<\/div>\n\t\t<div class=\"elementor-element elementor-element-a32f22f e-con-full e-flex e-con e-child\" data-id=\"a32f22f\" data-element_type=\"container\" data-settings=\"{&quot;background_background&quot;:&quot;classic&quot;}\">\n\t\t\t\t<div class=\"elementor-element elementor-element-9dcbc1f elementor-widget elementor-widget-heading\" data-id=\"9dcbc1f\" data-element_type=\"widget\" data-widget_type=\"heading.default\">\n\t\t\t\t\t<h2 class=\"elementor-heading-title elementor-size-default\"><a href=\"https:\/\/visitsantiago.travel\/pt\/panorama\/feria-mesa-alfarera\/\">Feria Mesa Alfarera<\/a><\/h2>\t\t\t\t<\/div>\n\t\t\t\t<\/div>\n\t\t\t\t\t<\/div>\n\t\t\t\t<\/div>\n\t\t\t\t<\/div>\n\t\t<style id=\"loop-dynamic-4494\">.e-loop-item-6027 .elementor-element.elementor-element-1999656:not(.elementor-motion-effects-element-type-background), .e-loop-item-6027 .elementor-element.elementor-element-1999656 > .elementor-motion-effects-container > .elementor-motion-effects-layer{background-image:url(\"https:\/\/visitsantiago.travel\/wp-content\/uploads\/2026\/08\/Dia-Vino-Entre-Barrios.jpg\");}<\/style>\t\t<div data-elementor-type=\"loop-item\" data-elementor-id=\"4494\" class=\"elementor elementor-4494 swiper-slide e-loop-item e-loop-item-6027 post-6027 panorama type-panorama status-publish format-standard has-post-thumbnail hentry panorama_categoria-evento-mes\" data-elementor-post-type=\"elementor_library\" role=\"group\" aria-roledescription=\"slide\" data-custom-edit-handle=\"1\">\n\t\t\t<div class=\"elementor-element elementor-element-41f2e33 e-flex e-con-boxed e-con e-parent\" data-id=\"41f2e33\" data-element_type=\"container\" data-settings=\"{&quot;background_background&quot;:&quot;classic&quot;}\">\n\t\t\t\t\t<div class=\"e-con-inner\">\n\t\t<div class=\"elementor-element elementor-element-1999656 e-con-full e-flex e-con e-child\" data-id=\"1999656\" data-element_type=\"container\" data-settings=\"{&quot;background_background&quot;:&quot;classic&quot;}\">\n\t\t\t\t<\/div>\n\t\t<div class=\"elementor-element elementor-element-a32f22f e-con-full e-flex e-con e-child\" data-id=\"a32f22f\" data-element_type=\"container\" data-settings=\"{&quot;background_background&quot;:&quot;classic&quot;}\">\n\t\t\t\t<div class=\"elementor-element elementor-element-9dcbc1f elementor-widget elementor-widget-heading\" data-id=\"9dcbc1f\" data-element_type=\"widget\" data-widget_type=\"heading.default\">\n\t\t\t\t\t<h2 class=\"elementor-heading-title elementor-size-default\"><a href=\"https:\/\/visitsantiago.travel\/pt\/panorama\/dia-nacional-del-vino-entre-barrios\/\">D\u00eda Nacional del Vino Entre Barrios<\/a><\/h2>\t\t\t\t<\/div>\n\t\t\t\t<\/div>\n\t\t\t\t\t<\/div>\n\t\t\t\t<\/div>\n\t\t\t\t<\/div>\n\t\t<style id=\"loop-dynamic-4494\">.e-loop-item-5947 .elementor-element.elementor-element-1999656:not(.elementor-motion-effects-element-type-background), .e-loop-item-5947 .elementor-element.elementor-element-1999656 > .elementor-motion-effects-container > .elementor-motion-effects-layer{background-image:url(\"https:\/\/visitsantiago.travel\/wp-content\/uploads\/2026\/08\/LA_CAV_.jpg.jpeg\");}<\/style>\t\t<div data-elementor-type=\"loop-item\" data-elementor-id=\"4494\" class=\"elementor elementor-4494 swiper-slide e-loop-item e-loop-item-5947 post-5947 panorama type-panorama status-publish format-standard has-post-thumbnail hentry panorama_categoria-evento-mes panorama_categoria-portada\" data-elementor-post-type=\"elementor_library\" role=\"group\" aria-roledescription=\"slide\" data-custom-edit-handle=\"1\">\n\t\t\t<div class=\"elementor-element elementor-element-41f2e33 e-flex e-con-boxed e-con e-parent\" data-id=\"41f2e33\" data-element_type=\"container\" data-settings=\"{&quot;background_background&quot;:&quot;classic&quot;}\">\n\t\t\t\t\t<div class=\"e-con-inner\">\n\t\t<div class=\"elementor-element elementor-element-1999656 e-con-full e-flex e-con e-child\" data-id=\"1999656\" data-element_type=\"container\" data-settings=\"{&quot;background_background&quot;:&quot;classic&quot;}\">\n\t\t\t\t<\/div>\n\t\t<div class=\"elementor-element elementor-element-a32f22f e-con-full e-flex e-con e-child\" data-id=\"a32f22f\" data-element_type=\"container\" data-settings=\"{&quot;background_background&quot;:&quot;classic&quot;}\">\n\t\t\t\t<div class=\"elementor-element elementor-element-9dcbc1f elementor-widget elementor-widget-heading\" data-id=\"9dcbc1f\" data-element_type=\"widget\" data-widget_type=\"heading.default\">\n\t\t\t\t\t<h2 class=\"elementor-heading-title elementor-size-default\"><a href=\"https:\/\/visitsantiago.travel\/pt\/panorama\/dia-nacional-del-vino-2026\/\">D\u00eda Nacional del Vino 2026<\/a><\/h2>\t\t\t\t<\/div>\n\t\t\t\t<\/div>\n\t\t\t\t\t<\/div>\n\t\t\t\t<\/div>\n\t\t\t\t<\/div>\n\t\t<style id=\"loop-dynamic-4494\">.e-loop-item-5943 .elementor-element.elementor-element-1999656:not(.elementor-motion-effects-element-type-background), .e-loop-item-5943 .elementor-element.elementor-element-1999656 > .elementor-motion-effects-container > .elementor-motion-effects-layer{background-image:url(\"https:\/\/visitsantiago.travel\/wp-content\/uploads\/2026\/08\/Victor-Jara-scaled.jpg\");}<\/style>\t\t<div data-elementor-type=\"loop-item\" data-elementor-id=\"4494\" class=\"elementor elementor-4494 swiper-slide e-loop-item e-loop-item-5943 post-5943 panorama type-panorama status-publish format-standard has-post-thumbnail hentry panorama_categoria-evento-mes\" data-elementor-post-type=\"elementor_library\" role=\"group\" aria-roledescription=\"slide\" data-custom-edit-handle=\"1\">\n\t\t\t<div class=\"elementor-element elementor-element-41f2e33 e-flex e-con-boxed e-con e-parent\" data-id=\"41f2e33\" data-element_type=\"container\" data-settings=\"{&quot;background_background&quot;:&quot;classic&quot;}\">\n\t\t\t\t\t<div class=\"e-con-inner\">\n\t\t<div class=\"elementor-element elementor-element-1999656 e-con-full e-flex e-con e-child\" data-id=\"1999656\" data-element_type=\"container\" data-settings=\"{&quot;background_background&quot;:&quot;classic&quot;}\">\n\t\t\t\t<\/div>\n\t\t<div class=\"elementor-element elementor-element-a32f22f e-con-full e-flex e-con e-child\" data-id=\"a32f22f\" data-element_type=\"container\" data-settings=\"{&quot;background_background&quot;:&quot;classic&quot;}\">\n\t\t\t\t<div class=\"elementor-element elementor-element-9dcbc1f elementor-widget elementor-widget-heading\" data-id=\"9dcbc1f\" data-element_type=\"widget\" data-widget_type=\"heading.default\">\n\t\t\t\t\t<h2 class=\"elementor-heading-title elementor-size-default\"><a href=\"https:\/\/visitsantiago.travel\/pt\/panorama\/mil-guitarras-y-mil-voces-para-victor-jara-2026\/\">Mil Guitarras y Mil Voces para Victor Jara 2026<\/a><\/h2>\t\t\t\t<\/div>\n\t\t\t\t<\/div>\n\t\t\t\t\t<\/div>\n\t\t\t\t<\/div>\n\t\t\t\t<\/div>\n\t\t\t\t<\/div>\n\t\t<\/div>\n\t\t\t\t\t<div class=\"swiper-pagination\"><\/div>\n\t\t\t\t\t\t<\/div>\n\t\t\t\t<\/div>\n\t\t\t\t\t<\/div>\n\t\t\t\t<\/div>\n\t\t<div class=\"elementor-element elementor-element-4e46595 e-flex e-con-boxed e-con e-parent\" data-id=\"4e46595\" data-element_type=\"container\">\n\t\t\t\t\t<div class=\"e-con-inner\">\n\t\t\t\t<div class=\"elementor-element elementor-element-d5f743e elementor-grid-3 elementor-grid-tablet-2 elementor-grid-mobile-1 elementor-widget elementor-widget-loop-grid\" data-id=\"d5f743e\" data-element_type=\"widget\" data-settings=\"{&quot;template_id&quot;:&quot;2167&quot;,&quot;masonry&quot;:&quot;yes&quot;,&quot;pagination_type&quot;:&quot;load_more_on_click&quot;,&quot;_skin&quot;:&quot;post&quot;,&quot;columns&quot;:&quot;3&quot;,&quot;columns_tablet&quot;:&quot;2&quot;,&quot;columns_mobile&quot;:&quot;1&quot;,&quot;edit_handle_selector&quot;:&quot;[data-elementor-type=\\&quot;loop-item\\&quot;]&quot;,&quot;load_more_spinner&quot;:{&quot;value&quot;:&quot;fas fa-spinner&quot;,&quot;library&quot;:&quot;fa-solid&quot;},&quot;row_gap&quot;:{&quot;unit&quot;:&quot;px&quot;,&quot;size&quot;:&quot;&quot;,&quot;sizes&quot;:[]},&quot;row_gap_tablet&quot;:{&quot;unit&quot;:&quot;px&quot;,&quot;size&quot;:&quot;&quot;,&quot;sizes&quot;:[]},&quot;row_gap_mobile&quot;:{&quot;unit&quot;:&quot;px&quot;,&quot;size&quot;:&quot;&quot;,&quot;sizes&quot;:[]}}\" data-widget_type=\"loop-grid.post\">\n\t\t\t\t<div class=\"elementor-widget-container\">\n\t\t\t\t\t\t\t<div class=\"elementor-loop-container elementor-grid\" role=\"list\">\n\t\t<style id=\"loop-dynamic-2167\">.e-loop-item-6045 .elementor-element.elementor-element-bfaa545:not(.elementor-motion-effects-element-type-background), .e-loop-item-6045 .elementor-element.elementor-element-bfaa545 > .elementor-motion-effects-container > .elementor-motion-effects-layer{background-image:url(\"https:\/\/visitsantiago.travel\/wp-content\/uploads\/2026\/08\/La-Gran-Fonda-de-Chile-2026.jpg\");}<\/style><style id=\"loop-2167\">.elementor-2167 .elementor-element.elementor-element-bfaa545{--display:flex;--min-height:348px;--flex-direction:row;--container-widget-width:calc( ( 1 - var( --container-widget-flex-grow ) ) * 100% );--container-widget-height:100%;--container-widget-flex-grow:1;--container-widget-align-self:stretch;--flex-wrap-mobile:wrap;--justify-content:space-between;--align-items:flex-end;--gap:5px 5px;--row-gap:5px;--column-gap:5px;--flex-wrap:wrap;--margin-top:0px;--margin-bottom:20px;--margin-left:0px;--margin-right:0px;--padding-top:0px;--padding-bottom:0px;--padding-left:0px;--padding-right:0px;}.elementor-2167 .elementor-element.elementor-element-bfaa545:not(.elementor-motion-effects-element-type-background), .elementor-2167 .elementor-element.elementor-element-bfaa545 > .elementor-motion-effects-container > .elementor-motion-effects-layer{background-position:center center;background-repeat:no-repeat;background-size:cover;}.elementor-2167 .elementor-element.elementor-element-57ba773{--display:flex;--flex-direction:row;--container-widget-width:initial;--container-widget-height:100%;--container-widget-flex-grow:1;--container-widget-align-self:stretch;--flex-wrap-mobile:wrap;--flex-wrap:wrap;}.elementor-2167 .elementor-element.elementor-element-57ba773:not(.elementor-motion-effects-element-type-background), .elementor-2167 .elementor-element.elementor-element-57ba773 > .elementor-motion-effects-container > .elementor-motion-effects-layer{background-color:#FFFFFFD1;}.elementor-2167 .elementor-element.elementor-element-75f8572{--display:flex;--flex-direction:row;--container-widget-width:initial;--container-widget-height:100%;--container-widget-flex-grow:1;--container-widget-align-self:stretch;--flex-wrap-mobile:wrap;--flex-wrap:wrap;--padding-top:0px;--padding-bottom:30px;--padding-left:0px;--padding-right:0px;}.elementor-2167 .elementor-element.elementor-element-cfa38e6{--display:flex;--flex-direction:row;--container-widget-width:calc( ( 1 - var( --container-widget-flex-grow ) ) * 100% );--container-widget-height:100%;--container-widget-flex-grow:1;--container-widget-align-self:stretch;--flex-wrap-mobile:wrap;--align-items:center;--gap:0px 0px;--row-gap:0px;--column-gap:0px;--flex-wrap:wrap;--padding-top:0px;--padding-bottom:0px;--padding-left:0px;--padding-right:0px;}.elementor-widget-heading .elementor-heading-title{font-family:var( --e-global-typography-primary-font-family ), Sans-serif;font-weight:var( --e-global-typography-primary-font-weight );color:var( --e-global-color-primary );}.elementor-2167 .elementor-element.elementor-element-9707064 .elementor-heading-title{font-family:\"Montserrat\", Sans-serif;font-size:16px;font-weight:600;color:#000000;}.elementor-2167 .elementor-element.elementor-element-f68b1b0{--display:flex;--flex-direction:row;--container-widget-width:initial;--container-widget-height:100%;--container-widget-flex-grow:1;--container-widget-align-self:stretch;--flex-wrap-mobile:wrap;--flex-wrap:wrap;--padding-top:0px;--padding-bottom:0px;--padding-left:0px;--padding-right:0px;}.elementor-2167 .elementor-element.elementor-element-2442742 .elementor-heading-title{font-family:\"Montserrat\", Sans-serif;font-size:16px;font-weight:600;color:#474747;}.elementor-2167 .elementor-element.elementor-element-0943759 .elementor-heading-title{font-family:\"Montserrat\", Sans-serif;font-size:12px;font-weight:600;color:#474747;}.elementor-2167 .elementor-element.elementor-element-14d1f52{--display:flex;--align-items:center;--container-widget-width:calc( ( 1 - var( --container-widget-flex-grow ) ) * 100% );--gap:5px 5px;--row-gap:5px;--column-gap:5px;--padding-top:0px;--padding-bottom:0px;--padding-left:0px;--padding-right:0px;}.elementor-widget-button .elementor-button{background-color:var( --e-global-color-accent );font-family:var( --e-global-typography-accent-font-family ), Sans-serif;font-weight:var( --e-global-typography-accent-font-weight );}.elementor-2167 .elementor-element.elementor-element-bb16934 .elementor-button{background-color:#E74C3C;font-family:\"Montserrat\", Sans-serif;font-size:10px;font-weight:500;padding:8px 10px 8px 10px;}.elementor-2167 .elementor-element.elementor-element-24c1c04 .elementor-button{background-color:#E74C3C;font-family:\"Montserrat\", Sans-serif;font-size:10px;font-weight:500;padding:8px 10px 8px 10px;}.elementor-2167 .elementor-element.elementor-element-9d65bfe{--display:flex;--flex-direction:row;--container-widget-width:calc( ( 1 - var( --container-widget-flex-grow ) ) * 100% );--container-widget-height:100%;--container-widget-flex-grow:1;--container-widget-align-self:stretch;--flex-wrap-mobile:wrap;--justify-content:center;--align-items:center;--flex-wrap:wrap;--padding-top:0px;--padding-bottom:0px;--padding-left:0px;--padding-right:0px;}.elementor-widget-text-editor{font-family:var( --e-global-typography-text-font-family ), Sans-serif;font-weight:var( --e-global-typography-text-font-weight );color:var( --e-global-color-text );}.elementor-widget-text-editor.elementor-drop-cap-view-stacked .elementor-drop-cap{background-color:var( --e-global-color-primary );}.elementor-widget-text-editor.elementor-drop-cap-view-framed .elementor-drop-cap, .elementor-widget-text-editor.elementor-drop-cap-view-default .elementor-drop-cap{color:var( --e-global-color-primary );border-color:var( --e-global-color-primary );}.elementor-2167 .elementor-element.elementor-element-f4f1cc6{padding:0px 0px 0px 15px;text-align:justify;}.elementor-2167 .elementor-element.elementor-element-14a5249 .elementor-button{background-color:#B40457;}.elementor-2167 .elementor-element.elementor-element-14a5249 .elementor-button .elementor-button-content-wrapper{justify-content:center;}@media(max-width:767px){.elementor-2167 .elementor-element.elementor-element-bb16934{margin:-20px 0px calc(var(--kit-widget-spacing, 0px) + 0px) 0px;padding:0px 0px 30px 0px;}}@media(min-width:768px){.elementor-2167 .elementor-element.elementor-element-cfa38e6{--width:69%;}.elementor-2167 .elementor-element.elementor-element-14d1f52{--width:25%;}.elementor-2167 .elementor-element.elementor-element-9d65bfe{--width:100%;}}<\/style>\t\t<div data-elementor-type=\"loop-item\" data-elementor-id=\"2167\" class=\"elementor elementor-2167 e-loop-item e-loop-item-6045 post-6045 panorama type-panorama status-publish format-standard has-post-thumbnail hentry panorama_categoria-evento-mes\" data-elementor-post-type=\"elementor_library\" data-custom-edit-handle=\"1\">\n\t\t\t<div class=\"elementor-element elementor-element-bfaa545 general e-flex e-con-boxed e-con e-parent\" data-id=\"bfaa545\" data-element_type=\"container\" data-settings=\"{&quot;background_background&quot;:&quot;classic&quot;}\">\n\t\t\t\t\t<div class=\"e-con-inner\">\n\t\t<div class=\"elementor-element elementor-element-57ba773 e-con-full over-blanco e-flex e-con e-child\" data-id=\"57ba773\" data-element_type=\"container\" data-settings=\"{&quot;background_background&quot;:&quot;classic&quot;}\">\n\t\t<div class=\"elementor-element elementor-element-75f8572 e-con-full titulos-tags e-flex e-con e-child\" data-id=\"75f8572\" data-element_type=\"container\">\n\t\t<div class=\"elementor-element elementor-element-cfa38e6 e-con-full titulos e-flex e-con e-child\" data-id=\"cfa38e6\" data-element_type=\"container\" data-settings=\"{&quot;background_background&quot;:&quot;classic&quot;}\">\n\t\t\t\t<div class=\"elementor-element elementor-element-9707064 elementor-widget elementor-widget-heading\" data-id=\"9707064\" data-element_type=\"widget\" data-widget_type=\"heading.default\">\n\t\t\t\t\t<h2 class=\"elementor-heading-title elementor-size-default\">La Gran Fonda de Chile<\/h2>\t\t\t\t<\/div>\n\t\t<div class=\"elementor-element elementor-element-f68b1b0 e-con-full e-flex e-con e-child\" data-id=\"f68b1b0\" data-element_type=\"container\">\n\t\t\t\t<div class=\"elementor-element elementor-element-2442742 elementor-widget elementor-widget-heading\" data-id=\"2442742\" data-element_type=\"widget\" data-widget_type=\"heading.default\">\n\t\t\t\t\t<h2 class=\"elementor-heading-title elementor-size-default\">17, 18, 19 y 20 de septiembre<\/h2>\t\t\t\t<\/div>\n\t\t\t\t<div class=\"elementor-element elementor-element-0943759 elementor-widget elementor-widget-heading\" data-id=\"0943759\" data-element_type=\"widget\" data-widget_type=\"heading.default\">\n\t\t\t\t\t<h2 class=\"elementor-heading-title elementor-size-default\">Desde las 12:00 hrs<\/h2>\t\t\t\t<\/div>\n\t\t\t\t<\/div>\n\t\t\t\t<\/div>\n\t\t<div class=\"elementor-element elementor-element-14d1f52 e-con-full etiquetas e-flex e-con e-child\" data-id=\"14d1f52\" data-element_type=\"container\">\n\t\t\t\t<div class=\"elementor-element elementor-element-bb16934 elementor-widget elementor-widget-button\" data-id=\"bb16934\" data-element_type=\"widget\" data-widget_type=\"button.default\">\n\t\t\t\t\t\t\t\t\t\t<a class=\"elementor-button elementor-button-link elementor-size-sm\" href=\"#\">\n\t\t\t\t\t\t<span class=\"elementor-button-content-wrapper\">\n\t\t\t\t\t\t\t\t\t<span class=\"elementor-button-text\">Parque O\u2019Higgins, comuna de Santiago<\/span>\n\t\t\t\t\t<\/span>\n\t\t\t\t\t<\/a>\n\t\t\t\t\t\t\t\t<\/div>\n\t\t\t\t<div class=\"elementor-element elementor-element-24c1c04 elementor-hidden-desktop elementor-hidden-tablet elementor-hidden-mobile elementor-widget elementor-widget-button\" data-id=\"24c1c04\" data-element_type=\"widget\" data-widget_type=\"button.default\">\n\t\t\t\t\t\t\t\t\t\t<a class=\"elementor-button elementor-button-link elementor-size-sm\" href=\"#\">\n\t\t\t\t\t\t<span class=\"elementor-button-content-wrapper\">\n\t\t\t\t\t\t\t\t\t<span class=\"elementor-button-text\">Haz clic aqu\u00ed<\/span>\n\t\t\t\t\t<\/span>\n\t\t\t\t\t<\/a>\n\t\t\t\t\t\t\t\t<\/div>\n\t\t\t\t<\/div>\n\t\t\t\t<\/div>\n\t\t<div class=\"elementor-element elementor-element-9d65bfe e-con-full descr-panorama e-flex e-con e-child\" data-id=\"9d65bfe\" data-element_type=\"container\">\n\t\t\t\t<div class=\"elementor-element elementor-element-f4f1cc6 elementor-widget elementor-widget-text-editor\" data-id=\"f4f1cc6\" data-element_type=\"widget\" data-widget_type=\"text-editor.default\">\n\t\t\t\t\t\t\t\t\tParque O&#8217;Higgins vuelve a ser el coraz\u00f3n de las celebraciones de Fiestas Patrias con la Gran Fonda de Chile 2026, uno de los panoramas dieciocheros m\u00e1s tradicionales y multitudinarios de Santiago.\n\nDurante cuatro d\u00edas, disfruta de m\u00fasica en vivo, gastronom\u00eda chilena y una gran pista de baile donde la cueca, la cumbia y otros ritmos ser\u00e1n protagonistas. La programaci\u00f3n incluye a destacados artistas como Sinaka, Santa Feria, Noche de Brujas, Jairo Vera, Leo Rey, Young Cister y Los Jaivas, entre otros.\t\t\t\t\t\t\t\t<\/div>\n\t\t\t\t<div class=\"elementor-element elementor-element-14a5249 elementor-align-justify elementor-widget elementor-widget-button\" data-id=\"14a5249\" data-element_type=\"widget\" data-widget_type=\"button.default\">\n\t\t\t\t\t\t\t\t\t\t<a class=\"elementor-button elementor-button-link elementor-size-sm\" href=\"https:\/\/visitsantiago.travel\/pt\/panorama\/la-gran-fonda-de-chile\/\">\n\t\t\t\t\t\t<span class=\"elementor-button-content-wrapper\">\n\t\t\t\t\t\t\t\t\t<span class=\"elementor-button-text\">Leer M\u00e1s<\/span>\n\t\t\t\t\t<\/span>\n\t\t\t\t\t<\/a>\n\t\t\t\t\t\t\t\t<\/div>\n\t\t\t\t<\/div>\n\t\t\t\t<\/div>\n\t\t\t\t\t<\/div>\n\t\t\t\t<\/div>\n\t\t\t\t<\/div>\n\t\t<style id=\"loop-dynamic-2167\">.e-loop-item-5947 .elementor-element.elementor-element-bfaa545:not(.elementor-motion-effects-element-type-background), .e-loop-item-5947 .elementor-element.elementor-element-bfaa545 > .elementor-motion-effects-container > .elementor-motion-effects-layer{background-image:url(\"https:\/\/visitsantiago.travel\/wp-content\/uploads\/2026\/08\/LA_CAV_.jpg.jpeg\");}<\/style>\t\t<div data-elementor-type=\"loop-item\" data-elementor-id=\"2167\" class=\"elementor elementor-2167 e-loop-item e-loop-item-5947 post-5947 panorama type-panorama status-publish format-standard has-post-thumbnail hentry panorama_categoria-evento-mes panorama_categoria-portada\" data-elementor-post-type=\"elementor_library\" data-custom-edit-handle=\"1\">\n\t\t\t<div class=\"elementor-element elementor-element-bfaa545 general e-flex e-con-boxed e-con e-parent\" data-id=\"bfaa545\" data-element_type=\"container\" data-settings=\"{&quot;background_background&quot;:&quot;classic&quot;}\">\n\t\t\t\t\t<div class=\"e-con-inner\">\n\t\t<div class=\"elementor-element elementor-element-57ba773 e-con-full over-blanco e-flex e-con e-child\" data-id=\"57ba773\" data-element_type=\"container\" data-settings=\"{&quot;background_background&quot;:&quot;classic&quot;}\">\n\t\t<div class=\"elementor-element elementor-element-75f8572 e-con-full titulos-tags e-flex e-con e-child\" data-id=\"75f8572\" data-element_type=\"container\">\n\t\t<div class=\"elementor-element elementor-element-cfa38e6 e-con-full titulos e-flex e-con e-child\" data-id=\"cfa38e6\" data-element_type=\"container\" data-settings=\"{&quot;background_background&quot;:&quot;classic&quot;}\">\n\t\t\t\t<div class=\"elementor-element elementor-element-9707064 elementor-widget elementor-widget-heading\" data-id=\"9707064\" data-element_type=\"widget\" data-widget_type=\"heading.default\">\n\t\t\t\t\t<h2 class=\"elementor-heading-title elementor-size-default\">D\u00eda Nacional del Vino 2026<\/h2>\t\t\t\t<\/div>\n\t\t<div class=\"elementor-element elementor-element-f68b1b0 e-con-full e-flex e-con e-child\" data-id=\"f68b1b0\" data-element_type=\"container\">\n\t\t\t\t<div class=\"elementor-element elementor-element-2442742 elementor-widget elementor-widget-heading\" data-id=\"2442742\" data-element_type=\"widget\" data-widget_type=\"heading.default\">\n\t\t\t\t\t<h2 class=\"elementor-heading-title elementor-size-default\">03 y 04 de septiembre<\/h2>\t\t\t\t<\/div>\n\t\t\t\t<div class=\"elementor-element elementor-element-0943759 elementor-widget elementor-widget-heading\" data-id=\"0943759\" data-element_type=\"widget\" data-widget_type=\"heading.default\">\n\t\t\t\t\t<h2 class=\"elementor-heading-title elementor-size-default\">Desde las 12:00 hrs<\/h2>\t\t\t\t<\/div>\n\t\t\t\t<\/div>\n\t\t\t\t<\/div>\n\t\t<div class=\"elementor-element elementor-element-14d1f52 e-con-full etiquetas e-flex e-con e-child\" data-id=\"14d1f52\" data-element_type=\"container\">\n\t\t\t\t<div class=\"elementor-element elementor-element-bb16934 elementor-widget elementor-widget-button\" data-id=\"bb16934\" data-element_type=\"widget\" data-widget_type=\"button.default\">\n\t\t\t\t\t\t\t\t\t\t<a class=\"elementor-button elementor-button-link elementor-size-sm\" href=\"#\">\n\t\t\t\t\t\t<span class=\"elementor-button-content-wrapper\">\n\t\t\t\t\t\t\t\t\t<span class=\"elementor-button-text\">Barrio La Bolsa, Santiago.<\/span>\n\t\t\t\t\t<\/span>\n\t\t\t\t\t<\/a>\n\t\t\t\t\t\t\t\t<\/div>\n\t\t\t\t<div class=\"elementor-element elementor-element-24c1c04 elementor-hidden-desktop elementor-hidden-tablet elementor-hidden-mobile elementor-widget elementor-widget-button\" data-id=\"24c1c04\" data-element_type=\"widget\" data-widget_type=\"button.default\">\n\t\t\t\t\t\t\t\t\t\t<a class=\"elementor-button elementor-button-link elementor-size-sm\" href=\"#\">\n\t\t\t\t\t\t<span class=\"elementor-button-content-wrapper\">\n\t\t\t\t\t\t\t\t\t<span class=\"elementor-button-text\">Haz clic aqu\u00ed<\/span>\n\t\t\t\t\t<\/span>\n\t\t\t\t\t<\/a>\n\t\t\t\t\t\t\t\t<\/div>\n\t\t\t\t<\/div>\n\t\t\t\t<\/div>\n\t\t<div class=\"elementor-element elementor-element-9d65bfe e-con-full descr-panorama e-flex e-con e-child\" data-id=\"9d65bfe\" data-element_type=\"container\">\n\t\t\t\t<div class=\"elementor-element elementor-element-f4f1cc6 elementor-widget elementor-widget-text-editor\" data-id=\"f4f1cc6\" data-element_type=\"widget\" data-widget_type=\"text-editor.default\">\n\t\t\t\t\t\t\t\t\tEl casco hist\u00f3rico de Santiago ser\u00e1 el escenario de una nueva celebraci\u00f3n del D\u00eda Nacional del Vino 2026, una fiesta gratuita que reunir\u00e1 lo mejor del enoturismo del Valle del Maipo en el tradicional Barrio La Bolsa, a pasos de la estaci\u00f3n de Metro Universidad de Chile. Durante la jornada, los asistentes podr\u00e1n disfrutar de la presencia de destacadas vi\u00f1as, emprendedores locales, presentaciones art\u00edsticas y folcl\u00f3ricas, adem\u00e1s de diversas sorpresas para toda la familia.\t\t\t\t\t\t\t\t<\/div>\n\t\t\t\t<div class=\"elementor-element elementor-element-14a5249 elementor-align-justify elementor-widget elementor-widget-button\" data-id=\"14a5249\" data-element_type=\"widget\" data-widget_type=\"button.default\">\n\t\t\t\t\t\t\t\t\t\t<a class=\"elementor-button elementor-button-link elementor-size-sm\" href=\"https:\/\/visitsantiago.travel\/pt\/panorama\/dia-nacional-del-vino-2026\/\">\n\t\t\t\t\t\t<span class=\"elementor-button-content-wrapper\">\n\t\t\t\t\t\t\t\t\t<span class=\"elementor-button-text\">Leer M\u00e1s<\/span>\n\t\t\t\t\t<\/span>\n\t\t\t\t\t<\/a>\n\t\t\t\t\t\t\t\t<\/div>\n\t\t\t\t<\/div>\n\t\t\t\t<\/div>\n\t\t\t\t\t<\/div>\n\t\t\t\t<\/div>\n\t\t\t\t<\/div>\n\t\t<style id=\"loop-dynamic-2167\">.e-loop-item-6027 .elementor-element.elementor-element-bfaa545:not(.elementor-motion-effects-element-type-background), .e-loop-item-6027 .elementor-element.elementor-element-bfaa545 > .elementor-motion-effects-container > .elementor-motion-effects-layer{background-image:url(\"https:\/\/visitsantiago.travel\/wp-content\/uploads\/2026\/08\/Dia-Vino-Entre-Barrios.jpg\");}<\/style>\t\t<div data-elementor-type=\"loop-item\" data-elementor-id=\"2167\" class=\"elementor elementor-2167 e-loop-item e-loop-item-6027 post-6027 panorama type-panorama status-publish format-standard has-post-thumbnail hentry panorama_categoria-evento-mes\" data-elementor-post-type=\"elementor_library\" data-custom-edit-handle=\"1\">\n\t\t\t<div class=\"elementor-element elementor-element-bfaa545 general e-flex e-con-boxed e-con e-parent\" data-id=\"bfaa545\" data-element_type=\"container\" data-settings=\"{&quot;background_background&quot;:&quot;classic&quot;}\">\n\t\t\t\t\t<div class=\"e-con-inner\">\n\t\t<div class=\"elementor-element elementor-element-57ba773 e-con-full over-blanco e-flex e-con e-child\" data-id=\"57ba773\" data-element_type=\"container\" data-settings=\"{&quot;background_background&quot;:&quot;classic&quot;}\">\n\t\t<div class=\"elementor-element elementor-element-75f8572 e-con-full titulos-tags e-flex e-con e-child\" data-id=\"75f8572\" data-element_type=\"container\">\n\t\t<div class=\"elementor-element elementor-element-cfa38e6 e-con-full titulos e-flex e-con e-child\" data-id=\"cfa38e6\" data-element_type=\"container\" data-settings=\"{&quot;background_background&quot;:&quot;classic&quot;}\">\n\t\t\t\t<div class=\"elementor-element elementor-element-9707064 elementor-widget elementor-widget-heading\" data-id=\"9707064\" data-element_type=\"widget\" data-widget_type=\"heading.default\">\n\t\t\t\t\t<h2 class=\"elementor-heading-title elementor-size-default\">D\u00eda Nacional del Vino Entre Barrios<\/h2>\t\t\t\t<\/div>\n\t\t<div class=\"elementor-element elementor-element-f68b1b0 e-con-full e-flex e-con e-child\" data-id=\"f68b1b0\" data-element_type=\"container\">\n\t\t\t\t<div class=\"elementor-element elementor-element-2442742 elementor-widget elementor-widget-heading\" data-id=\"2442742\" data-element_type=\"widget\" data-widget_type=\"heading.default\">\n\t\t\t\t\t<h2 class=\"elementor-heading-title elementor-size-default\">04, 05 y 06 de septiembre<\/h2>\t\t\t\t<\/div>\n\t\t\t\t<div class=\"elementor-element elementor-element-0943759 elementor-widget elementor-widget-heading\" data-id=\"0943759\" data-element_type=\"widget\" data-widget_type=\"heading.default\">\n\t\t\t\t\t<h2 class=\"elementor-heading-title elementor-size-default\">Desde las 12:00 hrs<\/h2>\t\t\t\t<\/div>\n\t\t\t\t<\/div>\n\t\t\t\t<\/div>\n\t\t<div class=\"elementor-element elementor-element-14d1f52 e-con-full etiquetas e-flex e-con e-child\" data-id=\"14d1f52\" data-element_type=\"container\">\n\t\t\t\t<div class=\"elementor-element elementor-element-bb16934 elementor-widget elementor-widget-button\" data-id=\"bb16934\" data-element_type=\"widget\" data-widget_type=\"button.default\">\n\t\t\t\t\t\t\t\t\t\t<a class=\"elementor-button elementor-button-link elementor-size-sm\" href=\"#\">\n\t\t\t\t\t\t<span class=\"elementor-button-content-wrapper\">\n\t\t\t\t\t\t\t\t\t<span class=\"elementor-button-text\">Barrio Italia + Plaza \u00d1u\u00f1oa<\/span>\n\t\t\t\t\t<\/span>\n\t\t\t\t\t<\/a>\n\t\t\t\t\t\t\t\t<\/div>\n\t\t\t\t<div class=\"elementor-element elementor-element-24c1c04 elementor-hidden-desktop elementor-hidden-tablet elementor-hidden-mobile elementor-widget elementor-widget-button\" data-id=\"24c1c04\" data-element_type=\"widget\" data-widget_type=\"button.default\">\n\t\t\t\t\t\t\t\t\t\t<a class=\"elementor-button elementor-button-link elementor-size-sm\" href=\"#\">\n\t\t\t\t\t\t<span class=\"elementor-button-content-wrapper\">\n\t\t\t\t\t\t\t\t\t<span class=\"elementor-button-text\">Haz clic aqu\u00ed<\/span>\n\t\t\t\t\t<\/span>\n\t\t\t\t\t<\/a>\n\t\t\t\t\t\t\t\t<\/div>\n\t\t\t\t<\/div>\n\t\t\t\t<\/div>\n\t\t<div class=\"elementor-element elementor-element-9d65bfe e-con-full descr-panorama e-flex e-con e-child\" data-id=\"9d65bfe\" data-element_type=\"container\">\n\t\t\t\t<div class=\"elementor-element elementor-element-f4f1cc6 elementor-widget elementor-widget-text-editor\" data-id=\"f4f1cc6\" data-element_type=\"widget\" data-widget_type=\"text-editor.default\">\n\t\t\t\t\t\t\t\t\tLos barrios Italia y Plaza \u00d1u\u00f1oa se unir\u00e1n para dar vida a una nueva edici\u00f3n de Entre Barrios, una celebraci\u00f3n que invita a recorrer la comuna a trav\u00e9s del vino, la gastronom\u00eda y la identidad de sus barrios. La experiencia permitir\u00e1 degustar vinos de vi\u00f1as de \u00d1uble, la Regi\u00f3n Metropolitana y sus alrededores, conectando ambos sectores con una misma copa y una ruta enogastron\u00f3mica para descubrir nuevos sabores, conocer a productores y disfrutar de la oferta local.\t\t\t\t\t\t\t\t<\/div>\n\t\t\t\t<div class=\"elementor-element elementor-element-14a5249 elementor-align-justify elementor-widget elementor-widget-button\" data-id=\"14a5249\" data-element_type=\"widget\" data-widget_type=\"button.default\">\n\t\t\t\t\t\t\t\t\t\t<a class=\"elementor-button elementor-button-link elementor-size-sm\" href=\"https:\/\/visitsantiago.travel\/pt\/panorama\/dia-nacional-del-vino-entre-barrios\/\">\n\t\t\t\t\t\t<span class=\"elementor-button-content-wrapper\">\n\t\t\t\t\t\t\t\t\t<span class=\"elementor-button-text\">Leer M\u00e1s<\/span>\n\t\t\t\t\t<\/span>\n\t\t\t\t\t<\/a>\n\t\t\t\t\t\t\t\t<\/div>\n\t\t\t\t<\/div>\n\t\t\t\t<\/div>\n\t\t\t\t\t<\/div>\n\t\t\t\t<\/div>\n\t\t\t\t<\/div>\n\t\t<style id=\"loop-dynamic-2167\">.e-loop-item-6029 .elementor-element.elementor-element-bfaa545:not(.elementor-motion-effects-element-type-background), .e-loop-item-6029 .elementor-element.elementor-element-bfaa545 > .elementor-motion-effects-container > .elementor-motion-effects-layer{background-image:url(\"https:\/\/visitsantiago.travel\/wp-content\/uploads\/2026\/08\/cuecazo.jpeg\");}<\/style>\t\t<div data-elementor-type=\"loop-item\" data-elementor-id=\"2167\" class=\"elementor elementor-2167 e-loop-item e-loop-item-6029 post-6029 panorama type-panorama status-publish format-standard has-post-thumbnail hentry\" data-elementor-post-type=\"elementor_library\" data-custom-edit-handle=\"1\">\n\t\t\t<div class=\"elementor-element elementor-element-bfaa545 general e-flex e-con-boxed e-con e-parent\" data-id=\"bfaa545\" data-element_type=\"container\" data-settings=\"{&quot;background_background&quot;:&quot;classic&quot;}\">\n\t\t\t\t\t<div class=\"e-con-inner\">\n\t\t<div class=\"elementor-element elementor-element-57ba773 e-con-full over-blanco e-flex e-con e-child\" data-id=\"57ba773\" data-element_type=\"container\" data-settings=\"{&quot;background_background&quot;:&quot;classic&quot;}\">\n\t\t<div class=\"elementor-element elementor-element-75f8572 e-con-full titulos-tags e-flex e-con e-child\" data-id=\"75f8572\" data-element_type=\"container\">\n\t\t<div class=\"elementor-element elementor-element-cfa38e6 e-con-full titulos e-flex e-con e-child\" data-id=\"cfa38e6\" data-element_type=\"container\" data-settings=\"{&quot;background_background&quot;:&quot;classic&quot;}\">\n\t\t\t\t<div class=\"elementor-element elementor-element-9707064 elementor-widget elementor-widget-heading\" data-id=\"9707064\" data-element_type=\"widget\" data-widget_type=\"heading.default\">\n\t\t\t\t\t<h2 class=\"elementor-heading-title elementor-size-default\">Cuecazo Colectivo en San Bernardo<\/h2>\t\t\t\t<\/div>\n\t\t<div class=\"elementor-element elementor-element-f68b1b0 e-con-full e-flex e-con e-child\" data-id=\"f68b1b0\" data-element_type=\"container\">\n\t\t\t\t<div class=\"elementor-element elementor-element-2442742 elementor-widget elementor-widget-heading\" data-id=\"2442742\" data-element_type=\"widget\" data-widget_type=\"heading.default\">\n\t\t\t\t\t<h2 class=\"elementor-heading-title elementor-size-default\">05 de septiembre<\/h2>\t\t\t\t<\/div>\n\t\t\t\t<div class=\"elementor-element elementor-element-0943759 elementor-widget elementor-widget-heading\" data-id=\"0943759\" data-element_type=\"widget\" data-widget_type=\"heading.default\">\n\t\t\t\t\t<h2 class=\"elementor-heading-title elementor-size-default\">16:00 hrs<\/h2>\t\t\t\t<\/div>\n\t\t\t\t<\/div>\n\t\t\t\t<\/div>\n\t\t<div class=\"elementor-element elementor-element-14d1f52 e-con-full etiquetas e-flex e-con e-child\" data-id=\"14d1f52\" data-element_type=\"container\">\n\t\t\t\t<div class=\"elementor-element elementor-element-bb16934 elementor-widget elementor-widget-button\" data-id=\"bb16934\" data-element_type=\"widget\" data-widget_type=\"button.default\">\n\t\t\t\t\t\t\t\t\t\t<a class=\"elementor-button elementor-button-link elementor-size-sm\" href=\"#\">\n\t\t\t\t\t\t<span class=\"elementor-button-content-wrapper\">\n\t\t\t\t\t\t\t\t\t<span class=\"elementor-button-text\">Plaza de San Bernardo<\/span>\n\t\t\t\t\t<\/span>\n\t\t\t\t\t<\/a>\n\t\t\t\t\t\t\t\t<\/div>\n\t\t\t\t<div class=\"elementor-element elementor-element-24c1c04 elementor-hidden-desktop elementor-hidden-tablet elementor-hidden-mobile elementor-widget elementor-widget-button\" data-id=\"24c1c04\" data-element_type=\"widget\" data-widget_type=\"button.default\">\n\t\t\t\t\t\t\t\t\t\t<a class=\"elementor-button elementor-button-link elementor-size-sm\" href=\"#\">\n\t\t\t\t\t\t<span class=\"elementor-button-content-wrapper\">\n\t\t\t\t\t\t\t\t\t<span class=\"elementor-button-text\">Haz clic aqu\u00ed<\/span>\n\t\t\t\t\t<\/span>\n\t\t\t\t\t<\/a>\n\t\t\t\t\t\t\t\t<\/div>\n\t\t\t\t<\/div>\n\t\t\t\t<\/div>\n\t\t<div class=\"elementor-element elementor-element-9d65bfe e-con-full descr-panorama e-flex e-con e-child\" data-id=\"9d65bfe\" data-element_type=\"container\">\n\t\t\t\t<div class=\"elementor-element elementor-element-f4f1cc6 elementor-widget elementor-widget-text-editor\" data-id=\"f4f1cc6\" data-element_type=\"widget\" data-widget_type=\"text-editor.default\">\n\t\t\t\t\t\t\t\t\tSan Bernardo da la bienvenida al Mes de la Patria con un gran Cuecazo Colectivo, una jornada para celebrar nuestras tradiciones al ritmo de la cueca. El encuentro contar\u00e1 con cuecas en vivo de Mar\u00eda Candola y la participaci\u00f3n especial de Entre Cumpitas y Bravas, junto a otros grupos art\u00edsticos invitados. Una invitaci\u00f3n a disfrutar, bailar y vivir el folclore chileno en comunidad.\t\t\t\t\t\t\t\t<\/div>\n\t\t\t\t<div class=\"elementor-element elementor-element-14a5249 elementor-align-justify elementor-widget elementor-widget-button\" data-id=\"14a5249\" data-element_type=\"widget\" data-widget_type=\"button.default\">\n\t\t\t\t\t\t\t\t\t\t<a class=\"elementor-button elementor-button-link elementor-size-sm\" href=\"https:\/\/visitsantiago.travel\/pt\/panorama\/cuecazo-colectivo-en-san-bernardo\/\">\n\t\t\t\t\t\t<span class=\"elementor-button-content-wrapper\">\n\t\t\t\t\t\t\t\t\t<span class=\"elementor-button-text\">Leer M\u00e1s<\/span>\n\t\t\t\t\t<\/span>\n\t\t\t\t\t<\/a>\n\t\t\t\t\t\t\t\t<\/div>\n\t\t\t\t<\/div>\n\t\t\t\t<\/div>\n\t\t\t\t\t<\/div>\n\t\t\t\t<\/div>\n\t\t\t\t<\/div>\n\t\t<style id=\"loop-dynamic-2167\">.e-loop-item-6035 .elementor-element.elementor-element-bfaa545:not(.elementor-motion-effects-element-type-background), .e-loop-item-6035 .elementor-element.elementor-element-bfaa545 > .elementor-motion-effects-container > .elementor-motion-effects-layer{background-image:url(\"https:\/\/visitsantiago.travel\/wp-content\/uploads\/2026\/08\/Mesa-Alfarera.jpg\");}<\/style>\t\t<div data-elementor-type=\"loop-item\" data-elementor-id=\"2167\" class=\"elementor elementor-2167 e-loop-item e-loop-item-6035 post-6035 panorama type-panorama status-publish format-standard has-post-thumbnail hentry panorama_categoria-evento-mes\" data-elementor-post-type=\"elementor_library\" data-custom-edit-handle=\"1\">\n\t\t\t<div class=\"elementor-element elementor-element-bfaa545 general e-flex e-con-boxed e-con e-parent\" data-id=\"bfaa545\" data-element_type=\"container\" data-settings=\"{&quot;background_background&quot;:&quot;classic&quot;}\">\n\t\t\t\t\t<div class=\"e-con-inner\">\n\t\t<div class=\"elementor-element elementor-element-57ba773 e-con-full over-blanco e-flex e-con e-child\" data-id=\"57ba773\" data-element_type=\"container\" data-settings=\"{&quot;background_background&quot;:&quot;classic&quot;}\">\n\t\t<div class=\"elementor-element elementor-element-75f8572 e-con-full titulos-tags e-flex e-con e-child\" data-id=\"75f8572\" data-element_type=\"container\">\n\t\t<div class=\"elementor-element elementor-element-cfa38e6 e-con-full titulos e-flex e-con e-child\" data-id=\"cfa38e6\" data-element_type=\"container\" data-settings=\"{&quot;background_background&quot;:&quot;classic&quot;}\">\n\t\t\t\t<div class=\"elementor-element elementor-element-9707064 elementor-widget elementor-widget-heading\" data-id=\"9707064\" data-element_type=\"widget\" data-widget_type=\"heading.default\">\n\t\t\t\t\t<h2 class=\"elementor-heading-title elementor-size-default\">Feria Mesa Alfarera<\/h2>\t\t\t\t<\/div>\n\t\t<div class=\"elementor-element elementor-element-f68b1b0 e-con-full e-flex e-con e-child\" data-id=\"f68b1b0\" data-element_type=\"container\">\n\t\t\t\t<div class=\"elementor-element elementor-element-2442742 elementor-widget elementor-widget-heading\" data-id=\"2442742\" data-element_type=\"widget\" data-widget_type=\"heading.default\">\n\t\t\t\t\t<h2 class=\"elementor-heading-title elementor-size-default\">04, 05 y 06 de septiembre<\/h2>\t\t\t\t<\/div>\n\t\t\t\t<div class=\"elementor-element elementor-element-0943759 elementor-widget elementor-widget-heading\" data-id=\"0943759\" data-element_type=\"widget\" data-widget_type=\"heading.default\">\n\t\t\t\t\t<h2 class=\"elementor-heading-title elementor-size-default\">Desde las 12:00 hrs<\/h2>\t\t\t\t<\/div>\n\t\t\t\t<\/div>\n\t\t\t\t<\/div>\n\t\t<div class=\"elementor-element elementor-element-14d1f52 e-con-full etiquetas e-flex e-con e-child\" data-id=\"14d1f52\" data-element_type=\"container\">\n\t\t\t\t<div class=\"elementor-element elementor-element-bb16934 elementor-widget elementor-widget-button\" data-id=\"bb16934\" data-element_type=\"widget\" data-widget_type=\"button.default\">\n\t\t\t\t\t\t\t\t\t\t<a class=\"elementor-button elementor-button-link elementor-size-sm\" href=\"#\">\n\t\t\t\t\t\t<span class=\"elementor-button-content-wrapper\">\n\t\t\t\t\t\t\t\t\t<span class=\"elementor-button-text\">Centro Cultural Montecarmelo, Providencia<\/span>\n\t\t\t\t\t<\/span>\n\t\t\t\t\t<\/a>\n\t\t\t\t\t\t\t\t<\/div>\n\t\t\t\t<div class=\"elementor-element elementor-element-24c1c04 elementor-hidden-desktop elementor-hidden-tablet elementor-hidden-mobile elementor-widget elementor-widget-button\" data-id=\"24c1c04\" data-element_type=\"widget\" data-widget_type=\"button.default\">\n\t\t\t\t\t\t\t\t\t\t<a class=\"elementor-button elementor-button-link elementor-size-sm\" href=\"#\">\n\t\t\t\t\t\t<span class=\"elementor-button-content-wrapper\">\n\t\t\t\t\t\t\t\t\t<span class=\"elementor-button-text\">Haz clic aqu\u00ed<\/span>\n\t\t\t\t\t<\/span>\n\t\t\t\t\t<\/a>\n\t\t\t\t\t\t\t\t<\/div>\n\t\t\t\t<\/div>\n\t\t\t\t<\/div>\n\t\t<div class=\"elementor-element elementor-element-9d65bfe e-con-full descr-panorama e-flex e-con e-child\" data-id=\"9d65bfe\" data-element_type=\"container\">\n\t\t\t\t<div class=\"elementor-element elementor-element-f4f1cc6 elementor-widget elementor-widget-text-editor\" data-id=\"f4f1cc6\" data-element_type=\"widget\" data-widget_type=\"text-editor.default\">\n\t\t\t\t\t\t\t\t\tMontecarmelo ser\u00e1 escenario de la Feria Mesa Alfarera, un encuentro que celebra la riqueza de la alfarer\u00eda tradicional chilena y los saberes que se mantienen vivos de generaci\u00f3n en generaci\u00f3n. Durante tres d\u00edas podr\u00e1s conocer el trabajo de maestras y maestros artesanos provenientes de distintos territorios del pa\u00eds, adem\u00e1s de disfrutar de talleres, demostraciones, m\u00fasica, danza, circo y sabores de nuestra tierra.\t\t\t\t\t\t\t\t<\/div>\n\t\t\t\t<div class=\"elementor-element elementor-element-14a5249 elementor-align-justify elementor-widget elementor-widget-button\" data-id=\"14a5249\" data-element_type=\"widget\" data-widget_type=\"button.default\">\n\t\t\t\t\t\t\t\t\t\t<a class=\"elementor-button elementor-button-link elementor-size-sm\" href=\"https:\/\/visitsantiago.travel\/pt\/panorama\/feria-mesa-alfarera\/\">\n\t\t\t\t\t\t<span class=\"elementor-button-content-wrapper\">\n\t\t\t\t\t\t\t\t\t<span class=\"elementor-button-text\">Leer M\u00e1s<\/span>\n\t\t\t\t\t<\/span>\n\t\t\t\t\t<\/a>\n\t\t\t\t\t\t\t\t<\/div>\n\t\t\t\t<\/div>\n\t\t\t\t<\/div>\n\t\t\t\t\t<\/div>\n\t\t\t\t<\/div>\n\t\t\t\t<\/div>\n\t\t<style id=\"loop-dynamic-2167\">.e-loop-item-6037 .elementor-element.elementor-element-bfaa545:not(.elementor-motion-effects-element-type-background), .e-loop-item-6037 .elementor-element.elementor-element-bfaa545 > .elementor-motion-effects-container > .elementor-motion-effects-layer{background-image:url(\"https:\/\/visitsantiago.travel\/wp-content\/uploads\/2026\/08\/Furia-ilustrada-scaled.jpg\");}<\/style>\t\t<div data-elementor-type=\"loop-item\" data-elementor-id=\"2167\" class=\"elementor elementor-2167 e-loop-item e-loop-item-6037 post-6037 panorama type-panorama status-publish format-standard has-post-thumbnail hentry\" data-elementor-post-type=\"elementor_library\" data-custom-edit-handle=\"1\">\n\t\t\t<div class=\"elementor-element elementor-element-bfaa545 general e-flex e-con-boxed e-con e-parent\" data-id=\"bfaa545\" data-element_type=\"container\" data-settings=\"{&quot;background_background&quot;:&quot;classic&quot;}\">\n\t\t\t\t\t<div class=\"e-con-inner\">\n\t\t<div class=\"elementor-element elementor-element-57ba773 e-con-full over-blanco e-flex e-con e-child\" data-id=\"57ba773\" data-element_type=\"container\" data-settings=\"{&quot;background_background&quot;:&quot;classic&quot;}\">\n\t\t<div class=\"elementor-element elementor-element-75f8572 e-con-full titulos-tags e-flex e-con e-child\" data-id=\"75f8572\" data-element_type=\"container\">\n\t\t<div class=\"elementor-element elementor-element-cfa38e6 e-con-full titulos e-flex e-con e-child\" data-id=\"cfa38e6\" data-element_type=\"container\" data-settings=\"{&quot;background_background&quot;:&quot;classic&quot;}\">\n\t\t\t\t<div class=\"elementor-element elementor-element-9707064 elementor-widget elementor-widget-heading\" data-id=\"9707064\" data-element_type=\"widget\" data-widget_type=\"heading.default\">\n\t\t\t\t\t<h2 class=\"elementor-heading-title elementor-size-default\">La Furia Ilustrada<\/h2>\t\t\t\t<\/div>\n\t\t<div class=\"elementor-element elementor-element-f68b1b0 e-con-full e-flex e-con e-child\" data-id=\"f68b1b0\" data-element_type=\"container\">\n\t\t\t\t<div class=\"elementor-element elementor-element-2442742 elementor-widget elementor-widget-heading\" data-id=\"2442742\" data-element_type=\"widget\" data-widget_type=\"heading.default\">\n\t\t\t\t\t<h2 class=\"elementor-heading-title elementor-size-default\">09, 10 y 11 de octubre<\/h2>\t\t\t\t<\/div>\n\t\t\t\t<div class=\"elementor-element elementor-element-0943759 elementor-widget elementor-widget-heading\" data-id=\"0943759\" data-element_type=\"widget\" data-widget_type=\"heading.default\">\n\t\t\t\t\t<h2 class=\"elementor-heading-title elementor-size-default\">Desde las 11:00 hrs<\/h2>\t\t\t\t<\/div>\n\t\t\t\t<\/div>\n\t\t\t\t<\/div>\n\t\t<div class=\"elementor-element elementor-element-14d1f52 e-con-full etiquetas e-flex e-con e-child\" data-id=\"14d1f52\" data-element_type=\"container\">\n\t\t\t\t<div class=\"elementor-element elementor-element-bb16934 elementor-widget elementor-widget-button\" data-id=\"bb16934\" data-element_type=\"widget\" data-widget_type=\"button.default\">\n\t\t\t\t\t\t\t\t\t\t<a class=\"elementor-button elementor-button-link elementor-size-sm\" href=\"#\">\n\t\t\t\t\t\t<span class=\"elementor-button-content-wrapper\">\n\t\t\t\t\t\t\t\t\t<span class=\"elementor-button-text\">Centro Cultural Gabriela Mistral (GAM)<\/span>\n\t\t\t\t\t<\/span>\n\t\t\t\t\t<\/a>\n\t\t\t\t\t\t\t\t<\/div>\n\t\t\t\t<div class=\"elementor-element elementor-element-24c1c04 elementor-hidden-desktop elementor-hidden-tablet elementor-hidden-mobile elementor-widget elementor-widget-button\" data-id=\"24c1c04\" data-element_type=\"widget\" data-widget_type=\"button.default\">\n\t\t\t\t\t\t\t\t\t\t<a class=\"elementor-button elementor-button-link elementor-size-sm\" href=\"#\">\n\t\t\t\t\t\t<span class=\"elementor-button-content-wrapper\">\n\t\t\t\t\t\t\t\t\t<span class=\"elementor-button-text\">Haz clic aqu\u00ed<\/span>\n\t\t\t\t\t<\/span>\n\t\t\t\t\t<\/a>\n\t\t\t\t\t\t\t\t<\/div>\n\t\t\t\t<\/div>\n\t\t\t\t<\/div>\n\t\t<div class=\"elementor-element elementor-element-9d65bfe e-con-full descr-panorama e-flex e-con e-child\" data-id=\"9d65bfe\" data-element_type=\"container\">\n\t\t\t\t<div class=\"elementor-element elementor-element-f4f1cc6 elementor-widget elementor-widget-text-editor\" data-id=\"f4f1cc6\" data-element_type=\"widget\" data-widget_type=\"text-editor.default\">\n\t\t\t\t\t\t\t\t\tLa creatividad, los libros y las artes gr\u00e1ficas vuelven a encontrarse en La Furia Ilustrada, una feria que reunir\u00e1 a 166 expositores, entre ilustradores, editoriales, artistas gr\u00e1ficos, librer\u00edas, talleres de impresi\u00f3n y serigraf\u00eda, autores independientes y otros proyectos creativos. La edici\u00f3n 2026 contar\u00e1 adem\u00e1s con la participaci\u00f3n internacional del artista Gudim, creador de Yes, But.\t\t\t\t\t\t\t\t<\/div>\n\t\t\t\t<div class=\"elementor-element elementor-element-14a5249 elementor-align-justify elementor-widget elementor-widget-button\" data-id=\"14a5249\" data-element_type=\"widget\" data-widget_type=\"button.default\">\n\t\t\t\t\t\t\t\t\t\t<a class=\"elementor-button elementor-button-link elementor-size-sm\" href=\"https:\/\/visitsantiago.travel\/pt\/panorama\/la-furia-ilustrada\/\">\n\t\t\t\t\t\t<span class=\"elementor-button-content-wrapper\">\n\t\t\t\t\t\t\t\t\t<span class=\"elementor-button-text\">Leer M\u00e1s<\/span>\n\t\t\t\t\t<\/span>\n\t\t\t\t\t<\/a>\n\t\t\t\t\t\t\t\t<\/div>\n\t\t\t\t<\/div>\n\t\t\t\t<\/div>\n\t\t\t\t\t<\/div>\n\t\t\t\t<\/div>\n\t\t\t\t<\/div>\n\t\t\t\t<\/div>\n\t\t\t\t\t<span class=\"e-load-more-spinner\">\n\t\t\t\t<svg aria-hidden=\"true\" class=\"e-font-icon-svg e-fas-spinner\" viewBox=\"0 0 512 512\" xmlns=\"http:\/\/www.w3.org\/2000\/svg\"><path d=\"M304 48c0 26.51-21.49 48-48 48s-48-21.49-48-48 21.49-48 48-48 48 21.49 48 48zm-48 368c-26.51 0-48 21.49-48 48s21.49 48 48 48 48-21.49 48-48-21.49-48-48-48zm208-208c-26.51 0-48 21.49-48 48s21.49 48 48 48 48-21.49 48-48-21.49-48-48-48zM96 256c0-26.51-21.49-48-48-48S0 229.49 0 256s21.49 48 48 48 48-21.49 48-48zm12.922 99.078c-26.51 0-48 21.49-48 48s21.49 48 48 48 48-21.49 48-48c0-26.509-21.491-48-48-48zm294.156 0c-26.51 0-48 21.49-48 48s21.49 48 48 48 48-21.49 48-48c0-26.509-21.49-48-48-48zM108.922 60.922c-26.51 0-48 21.49-48 48s21.49 48 48 48 48-21.49 48-48-21.491-48-48-48z\"><\/path><\/svg>\t\t\t<\/span>\n\t\t\n\t\t\t\t<div class=\"e-load-more-anchor\" data-page=\"1\" data-max-page=\"2\" data-next-page=\"https:\/\/visitsantiago.travel\/pt\/wp-json\/wp\/v2\/pages\/2160\/page\/2\/\"><\/div>\n\t\t\t\t<div class=\"e-loop__load-more elementor-button-wrapper\">\n\t\t\t<a class=\"elementor-button elementor-size-sm\" role=\"button\">\n\t\t\t\t\t\t<span class=\"elementor-button-content-wrapper\">\n\t\t\t\t\t\t\t\t\t<span class=\"elementor-button-text\">Cargar m\u00e1s<\/span>\n\t\t\t\t\t<\/span>\n\t\t\t\t\t<\/a>\n\t\t<\/div>\n\t\t\t\t<div class=\"e-load-more-message\"><\/div>\n\t\t\t\t\t\t<\/div>\n\t\t\t\t<\/div>\n\t\t\t\t\t<\/div>\n\t\t\t\t<\/div>\n\t\t\t\t<\/div>\n\t\t","protected":false},"excerpt":{"rendered":"<p>Los Mejores Panoramas Panoramas del mes<\/p>","protected":false},"author":1,"featured_media":0,"parent":0,"menu_order":0,"comment_status":"closed","ping_status":"closed","template":"","meta":{"_acf_changed":false,"footnotes":""},"class_list":["post-2160","page","type-page","status-publish","hentry"],"acf":[],"yoast_head":"<!-- This site is optimized with the Yoast SEO plugin v27.0 - https:\/\/yoast.com\/product\/yoast-seo-wordpress\/ -->\n<title>Panoramas - Visit Santiago Travel<\/title>\n<meta name=\"robots\" content=\"index, follow, max-snippet:-1, max-image-preview:large, max-video-preview:-1\" \/>\n<link rel=\"canonical\" href=\"https:\/\/visitsantiago.travel\/pt\/panoramas\/\" \/>\n<meta property=\"og:locale\" content=\"pt_BR\" \/>\n<meta property=\"og:type\" content=\"article\" \/>\n<meta property=\"og:title\" content=\"Panoramas - Visit Santiago Travel\" \/>\n<meta property=\"og:description\" content=\"Los Mejores Panoramas Panoramas del mes\" \/>\n<meta property=\"og:url\" content=\"https:\/\/visitsantiago.travel\/pt\/panoramas\/\" \/>\n<meta property=\"og:site_name\" content=\"Visit Santiago Travel\" \/>\n<meta property=\"article:modified_time\" content=\"2026-03-03T20:24:48+00:00\" \/>\n<meta name=\"twitter:card\" content=\"summary_large_image\" \/>\n<meta name=\"twitter:label1\" content=\"Est. tempo de leitura\" \/>\n\t<meta name=\"twitter:data1\" content=\"2 minutos\" \/>\n<script type=\"application\/ld+json\" class=\"yoast-schema-graph\">{\"@context\":\"https:\/\/schema.org\",\"@graph\":[{\"@type\":\"WebPage\",\"@id\":\"https:\/\/visitsantiago.travel\/panoramas\/\",\"url\":\"https:\/\/visitsantiago.travel\/panoramas\/\",\"name\":\"Panoramas - Visit Santiago Travel\",\"isPartOf\":{\"@id\":\"https:\/\/visitsantiago.travel\/pt\/#website\"},\"datePublished\":\"2026-02-01T22:25:14+00:00\",\"dateModified\":\"2026-03-03T20:24:48+00:00\",\"breadcrumb\":{\"@id\":\"https:\/\/visitsantiago.travel\/panoramas\/#breadcrumb\"},\"inLanguage\":\"pt-BR\",\"potentialAction\":[{\"@type\":\"ReadAction\",\"target\":[\"https:\/\/visitsantiago.travel\/panoramas\/\"]}]},{\"@type\":\"BreadcrumbList\",\"@id\":\"https:\/\/visitsantiago.travel\/panoramas\/#breadcrumb\",\"itemListElement\":[{\"@type\":\"ListItem\",\"position\":1,\"name\":\"Portada\",\"item\":\"https:\/\/visitsantiago.travel\/\"},{\"@type\":\"ListItem\",\"position\":2,\"name\":\"Panoramas\"}]},{\"@type\":\"WebSite\",\"@id\":\"https:\/\/visitsantiago.travel\/pt\/#website\",\"url\":\"https:\/\/visitsantiago.travel\/pt\/\",\"name\":\"Visit Santiago Travel\",\"description\":\"\",\"potentialAction\":[{\"@type\":\"SearchAction\",\"target\":{\"@type\":\"EntryPoint\",\"urlTemplate\":\"https:\/\/visitsantiago.travel\/pt\/?s={search_term_string}\"},\"query-input\":{\"@type\":\"PropertyValueSpecification\",\"valueRequired\":true,\"valueName\":\"search_term_string\"}}],\"inLanguage\":\"pt-BR\"}]}<\/script>\n<!-- \/ Yoast SEO plugin. -->","yoast_head_json":{"title":"Panoramas - Visit Santiago Travel","robots":{"index":"index","follow":"follow","max-snippet":"max-snippet:-1","max-image-preview":"max-image-preview:large","max-video-preview":"max-video-preview:-1"},"canonical":"https:\/\/visitsantiago.travel\/pt\/panoramas\/","og_locale":"pt_BR","og_type":"article","og_title":"Panoramas - Visit Santiago Travel","og_description":"Los Mejores Panoramas Panoramas del mes","og_url":"https:\/\/visitsantiago.travel\/pt\/panoramas\/","og_site_name":"Visit Santiago Travel","article_modified_time":"2026-03-03T20:24:48+00:00","twitter_card":"summary_large_image","twitter_misc":{"Est. tempo de leitura":"2 minutos"},"schema":{"@context":"https:\/\/schema.org","@graph":[{"@type":"WebPage","@id":"https:\/\/visitsantiago.travel\/panoramas\/","url":"https:\/\/visitsantiago.travel\/panoramas\/","name":"Panoramas - Visit Santiago Travel","isPartOf":{"@id":"https:\/\/visitsantiago.travel\/pt\/#website"},"datePublished":"2026-02-01T22:25:14+00:00","dateModified":"2026-03-03T20:24:48+00:00","breadcrumb":{"@id":"https:\/\/visitsantiago.travel\/panoramas\/#breadcrumb"},"inLanguage":"pt-BR","potentialAction":[{"@type":"ReadAction","target":["https:\/\/visitsantiago.travel\/panoramas\/"]}]},{"@type":"BreadcrumbList","@id":"https:\/\/visitsantiago.travel\/panoramas\/#breadcrumb","itemListElement":[{"@type":"ListItem","position":1,"name":"Portada","item":"https:\/\/visitsantiago.travel\/"},{"@type":"ListItem","position":2,"name":"Panoramas"}]},{"@type":"WebSite","@id":"https:\/\/visitsantiago.travel\/pt\/#website","url":"https:\/\/visitsantiago.travel\/pt\/","name":"Visite Santiago Travel","description":"","potentialAction":[{"@type":"SearchAction","target":{"@type":"EntryPoint","urlTemplate":"https:\/\/visitsantiago.travel\/pt\/?s={search_term_string}"},"query-input":{"@type":"PropertyValueSpecification","valueRequired":true,"valueName":"search_term_string"}}],"inLanguage":"pt-BR"}]}},"_links":{"self":[{"href":"https:\/\/visitsantiago.travel\/pt\/wp-json\/wp\/v2\/pages\/2160","targetHints":{"allow":["GET"]}}],"collection":[{"href":"https:\/\/visitsantiago.travel\/pt\/wp-json\/wp\/v2\/pages"}],"about":[{"href":"https:\/\/visitsantiago.travel\/pt\/wp-json\/wp\/v2\/types\/page"}],"author":[{"embeddable":true,"href":"https:\/\/visitsantiago.travel\/pt\/wp-json\/wp\/v2\/users\/1"}],"replies":[{"embeddable":true,"href":"https:\/\/visitsantiago.travel\/pt\/wp-json\/wp\/v2\/comments?post=2160"}],"version-history":[{"count":64,"href":"https:\/\/visitsantiago.travel\/pt\/wp-json\/wp\/v2\/pages\/2160\/revisions"}],"predecessor-version":[{"id":4932,"href":"https:\/\/visitsantiago.travel\/pt\/wp-json\/wp\/v2\/pages\/2160\/revisions\/4932"}],"wp:attachment":[{"href":"https:\/\/visitsantiago.travel\/pt\/wp-json\/wp\/v2\/media?parent=2160"}],"curies":[{"name":"wp","href":"https:\/\/api.w.org\/{rel}","templated":true}]}}