{"id":6043,"date":"2026-08-31T17:00:17","date_gmt":"2026-08-31T15:00:17","guid":{"rendered":"https:\/\/visitsantiago.travel\/?post_type=panorama&#038;p=6043"},"modified":"2026-08-31T17:00:18","modified_gmt":"2026-08-31T15:00:18","slug":"fiesta-de-la-chilenidad-en-melipilla","status":"publish","type":"panorama","link":"https:\/\/visitsantiago.travel\/en\/panorama\/fiesta-de-la-chilenidad-en-melipilla\/","title":{"rendered":"Fiesta de la Chilenidad en Melipilla"},"content":{"rendered":"<p class=\"wp-block-paragraph\">Melipilla se prepara para celebrar las Fiestas Patrias 2026 con una nueva edici\u00f3n de su tradicional Fiesta de la Chilenidad, un panorama imperdible para disfrutar en familia y vivir todo el sabor de nuestras tradiciones. A un costado del Club A\u00e9reo de Melipilla, encontrar\u00e1s juegos criollos, parque de diversiones, juegos inflables y entretenidas actividades para grandes y chicos. La m\u00fasica tambi\u00e9n ser\u00e1 protagonista, con las presentaciones de Santa Feria, La Combo Tortuga, Amar Azul y Los V\u00e1squez, quienes pondr\u00e1n ritmo a esta gran celebraci\u00f3n dieciochera.<\/p>","protected":false},"excerpt":{"rendered":"<p>Melipilla se prepara para celebrar las Fiestas Patrias 2026 con una nueva edici\u00f3n de su tradicional Fiesta de la Chilenidad, un panorama imperdible para disfrutar en familia y vivir todo el sabor de nuestras tradiciones. A un costado del Club A\u00e9reo de Melipilla, encontrar\u00e1s juegos criollos, parque de diversiones, juegos inflables y entretenidas actividades para grandes y chicos. La m\u00fasica tambi\u00e9n ser\u00e1 protagonista, con las presentaciones de Santa Feria, La Combo Tortuga, Amar Azul y Los V\u00e1squez, quienes pondr\u00e1n ritmo a esta gran celebraci\u00f3n dieciochera.<\/p>","protected":false},"featured_media":6044,"menu_order":0,"template":"","format":"standard","meta":{"_acf_changed":true},"panorama_categoria":[125],"class_list":["post-6043","panorama","type-panorama","status-publish","format-standard","has-post-thumbnail","hentry","panorama_categoria-evento-mes"],"acf":[],"yoast_head":"<!-- This site is optimized with the Yoast SEO plugin v27.0 - https:\/\/yoast.com\/product\/yoast-seo-wordpress\/ -->\n<title>Fiesta de la Chilenidad en Melipilla - Visit Santiago Travel<\/title>\n<meta name=\"robots\" content=\"index, follow, max-snippet:-1, max-image-preview:large, max-video-preview:-1\" \/>\n<link rel=\"canonical\" href=\"https:\/\/visitsantiago.travel\/en\/panorama\/fiesta-de-la-chilenidad-en-melipilla\/\" \/>\n<meta property=\"og:locale\" content=\"en_GB\" \/>\n<meta property=\"og:type\" content=\"article\" \/>\n<meta property=\"og:title\" content=\"Fiesta de la Chilenidad en Melipilla - Visit Santiago Travel\" \/>\n<meta property=\"og:description\" content=\"Melipilla se prepara para celebrar las Fiestas Patrias 2026 con una nueva edici\u00f3n de su tradicional Fiesta de la Chilenidad, un panorama imperdible para disfrutar en familia y vivir todo el sabor de nuestras tradiciones. A un costado del Club A\u00e9reo de Melipilla, encontrar\u00e1s juegos criollos, parque de diversiones, juegos inflables y entretenidas actividades para grandes y chicos. La m\u00fasica tambi\u00e9n ser\u00e1 protagonista, con las presentaciones de Santa Feria, La Combo Tortuga, Amar Azul y Los V\u00e1squez, quienes pondr\u00e1n ritmo a esta gran celebraci\u00f3n dieciochera.\" \/>\n<meta property=\"og:url\" content=\"https:\/\/visitsantiago.travel\/en\/panorama\/fiesta-de-la-chilenidad-en-melipilla\/\" \/>\n<meta property=\"og:site_name\" content=\"Visit Santiago Travel\" \/>\n<meta property=\"article:modified_time\" content=\"2026-08-31T15:00:18+00:00\" \/>\n<meta property=\"og:image\" content=\"https:\/\/visitsantiago.travel\/wp-content\/uploads\/2026\/08\/Fiesta-de-la-Chilenidad-scaled-1.jpg\" \/>\n\t<meta property=\"og:image:width\" content=\"2048\" \/>\n\t<meta property=\"og:image:height\" content=\"2560\" \/>\n\t<meta property=\"og:image:type\" content=\"image\/jpeg\" \/>\n<meta name=\"twitter:card\" content=\"summary_large_image\" \/>\n<meta name=\"twitter:label1\" content=\"Estimated reading time\" \/>\n\t<meta name=\"twitter:data1\" content=\"1 minute\" \/>\n<script type=\"application\/ld+json\" class=\"yoast-schema-graph\">{\"@context\":\"https:\/\/schema.org\",\"@graph\":[{\"@type\":\"WebPage\",\"@id\":\"https:\/\/visitsantiago.travel\/panorama\/fiesta-de-la-chilenidad-en-melipilla\/\",\"url\":\"https:\/\/visitsantiago.travel\/panorama\/fiesta-de-la-chilenidad-en-melipilla\/\",\"name\":\"Fiesta de la Chilenidad en Melipilla - Visit Santiago Travel\",\"isPartOf\":{\"@id\":\"https:\/\/visitsantiago.travel\/pt\/#website\"},\"primaryImageOfPage\":{\"@id\":\"https:\/\/visitsantiago.travel\/panorama\/fiesta-de-la-chilenidad-en-melipilla\/#primaryimage\"},\"image\":{\"@id\":\"https:\/\/visitsantiago.travel\/panorama\/fiesta-de-la-chilenidad-en-melipilla\/#primaryimage\"},\"thumbnailUrl\":\"https:\/\/visitsantiago.travel\/wp-content\/uploads\/2026\/08\/Fiesta-de-la-Chilenidad-scaled-1.jpg\",\"datePublished\":\"2026-08-31T15:00:17+00:00\",\"dateModified\":\"2026-08-31T15:00:18+00:00\",\"breadcrumb\":{\"@id\":\"https:\/\/visitsantiago.travel\/panorama\/fiesta-de-la-chilenidad-en-melipilla\/#breadcrumb\"},\"inLanguage\":\"en-GB\",\"potentialAction\":[{\"@type\":\"ReadAction\",\"target\":[\"https:\/\/visitsantiago.travel\/panorama\/fiesta-de-la-chilenidad-en-melipilla\/\"]}]},{\"@type\":\"ImageObject\",\"inLanguage\":\"en-GB\",\"@id\":\"https:\/\/visitsantiago.travel\/panorama\/fiesta-de-la-chilenidad-en-melipilla\/#primaryimage\",\"url\":\"https:\/\/visitsantiago.travel\/wp-content\/uploads\/2026\/08\/Fiesta-de-la-Chilenidad-scaled-1.jpg\",\"contentUrl\":\"https:\/\/visitsantiago.travel\/wp-content\/uploads\/2026\/08\/Fiesta-de-la-Chilenidad-scaled-1.jpg\",\"width\":2048,\"height\":2560,\"caption\":\"Fiesta-de-la-Chilenidad Melipilla\"},{\"@type\":\"BreadcrumbList\",\"@id\":\"https:\/\/visitsantiago.travel\/panorama\/fiesta-de-la-chilenidad-en-melipilla\/#breadcrumb\",\"itemListElement\":[{\"@type\":\"ListItem\",\"position\":1,\"name\":\"Portada\",\"item\":\"https:\/\/visitsantiago.travel\/\"},{\"@type\":\"ListItem\",\"position\":2,\"name\":\"panoramas\",\"item\":\"https:\/\/visitsantiago.travel\/panorama\/\"},{\"@type\":\"ListItem\",\"position\":3,\"name\":\"Fiesta de la Chilenidad en Melipilla\"}]},{\"@type\":\"WebSite\",\"@id\":\"https:\/\/visitsantiago.travel\/pt\/#website\",\"url\":\"https:\/\/visitsantiago.travel\/pt\/\",\"name\":\"Visit Santiago Travel\",\"description\":\"\",\"potentialAction\":[{\"@type\":\"SearchAction\",\"target\":{\"@type\":\"EntryPoint\",\"urlTemplate\":\"https:\/\/visitsantiago.travel\/pt\/?s={search_term_string}\"},\"query-input\":{\"@type\":\"PropertyValueSpecification\",\"valueRequired\":true,\"valueName\":\"search_term_string\"}}],\"inLanguage\":\"en-GB\"}]}<\/script>\n<!-- \/ Yoast SEO plugin. -->","yoast_head_json":{"title":"Fiesta de la Chilenidad en Melipilla - Visit Santiago Travel","robots":{"index":"index","follow":"follow","max-snippet":"max-snippet:-1","max-image-preview":"max-image-preview:large","max-video-preview":"max-video-preview:-1"},"canonical":"https:\/\/visitsantiago.travel\/en\/panorama\/fiesta-de-la-chilenidad-en-melipilla\/","og_locale":"en_GB","og_type":"article","og_title":"Fiesta de la Chilenidad en Melipilla - Visit Santiago Travel","og_description":"Melipilla se prepara para celebrar las Fiestas Patrias 2026 con una nueva edici\u00f3n de su tradicional Fiesta de la Chilenidad, un panorama imperdible para disfrutar en familia y vivir todo el sabor de nuestras tradiciones. A un costado del Club A\u00e9reo de Melipilla, encontrar\u00e1s juegos criollos, parque de diversiones, juegos inflables y entretenidas actividades para grandes y chicos. La m\u00fasica tambi\u00e9n ser\u00e1 protagonista, con las presentaciones de Santa Feria, La Combo Tortuga, Amar Azul y Los V\u00e1squez, quienes pondr\u00e1n ritmo a esta gran celebraci\u00f3n dieciochera.","og_url":"https:\/\/visitsantiago.travel\/en\/panorama\/fiesta-de-la-chilenidad-en-melipilla\/","og_site_name":"Visit Santiago Travel","article_modified_time":"2026-08-31T15:00:18+00:00","og_image":[{"width":2048,"height":2560,"url":"https:\/\/visitsantiago.travel\/wp-content\/uploads\/2026\/08\/Fiesta-de-la-Chilenidad-scaled-1.jpg","type":"image\/jpeg"}],"twitter_card":"summary_large_image","twitter_misc":{"Estimated reading time":"1 minute"},"schema":{"@context":"https:\/\/schema.org","@graph":[{"@type":"WebPage","@id":"https:\/\/visitsantiago.travel\/panorama\/fiesta-de-la-chilenidad-en-melipilla\/","url":"https:\/\/visitsantiago.travel\/panorama\/fiesta-de-la-chilenidad-en-melipilla\/","name":"Fiesta de la Chilenidad en Melipilla - Visit Santiago Travel","isPartOf":{"@id":"https:\/\/visitsantiago.travel\/pt\/#website"},"primaryImageOfPage":{"@id":"https:\/\/visitsantiago.travel\/panorama\/fiesta-de-la-chilenidad-en-melipilla\/#primaryimage"},"image":{"@id":"https:\/\/visitsantiago.travel\/panorama\/fiesta-de-la-chilenidad-en-melipilla\/#primaryimage"},"thumbnailUrl":"https:\/\/visitsantiago.travel\/wp-content\/uploads\/2026\/08\/Fiesta-de-la-Chilenidad-scaled-1.jpg","datePublished":"2026-08-31T15:00:17+00:00","dateModified":"2026-08-31T15:00:18+00:00","breadcrumb":{"@id":"https:\/\/visitsantiago.travel\/panorama\/fiesta-de-la-chilenidad-en-melipilla\/#breadcrumb"},"inLanguage":"en-GB","potentialAction":[{"@type":"ReadAction","target":["https:\/\/visitsantiago.travel\/panorama\/fiesta-de-la-chilenidad-en-melipilla\/"]}]},{"@type":"ImageObject","inLanguage":"en-GB","@id":"https:\/\/visitsantiago.travel\/panorama\/fiesta-de-la-chilenidad-en-melipilla\/#primaryimage","url":"https:\/\/visitsantiago.travel\/wp-content\/uploads\/2026\/08\/Fiesta-de-la-Chilenidad-scaled-1.jpg","contentUrl":"https:\/\/visitsantiago.travel\/wp-content\/uploads\/2026\/08\/Fiesta-de-la-Chilenidad-scaled-1.jpg","width":2048,"height":2560,"caption":"Fiesta-de-la-Chilenidad Melipilla"},{"@type":"BreadcrumbList","@id":"https:\/\/visitsantiago.travel\/panorama\/fiesta-de-la-chilenidad-en-melipilla\/#breadcrumb","itemListElement":[{"@type":"ListItem","position":1,"name":"Portada","item":"https:\/\/visitsantiago.travel\/"},{"@type":"ListItem","position":2,"name":"panoramas","item":"https:\/\/visitsantiago.travel\/panorama\/"},{"@type":"ListItem","position":3,"name":"Fiesta de la Chilenidad en Melipilla"}]},{"@type":"WebSite","@id":"https:\/\/visitsantiago.travel\/pt\/#website","url":"https:\/\/visitsantiago.travel\/pt\/","name":"Visit Santiago Travel","description":"","potentialAction":[{"@type":"SearchAction","target":{"@type":"EntryPoint","urlTemplate":"https:\/\/visitsantiago.travel\/pt\/?s={search_term_string}"},"query-input":{"@type":"PropertyValueSpecification","valueRequired":true,"valueName":"search_term_string"}}],"inLanguage":"en-GB"}]}},"_links":{"self":[{"href":"https:\/\/visitsantiago.travel\/en\/wp-json\/wp\/v2\/panorama\/6043","targetHints":{"allow":["GET"]}}],"collection":[{"href":"https:\/\/visitsantiago.travel\/en\/wp-json\/wp\/v2\/panorama"}],"about":[{"href":"https:\/\/visitsantiago.travel\/en\/wp-json\/wp\/v2\/types\/panorama"}],"wp:featuredmedia":[{"embeddable":true,"href":"https:\/\/visitsantiago.travel\/en\/wp-json\/wp\/v2\/media\/6044"}],"wp:attachment":[{"href":"https:\/\/visitsantiago.travel\/en\/wp-json\/wp\/v2\/media?parent=6043"}],"wp:term":[{"taxonomy":"panorama_categoria","embeddable":true,"href":"https:\/\/visitsantiago.travel\/en\/wp-json\/wp\/v2\/panorama_categoria?post=6043"}],"curies":[{"name":"wp","href":"https:\/\/api.w.org\/{rel}","templated":true}]}}